{"id":1162,"date":"2021-09-09T16:12:41","date_gmt":"2021-09-09T19:12:41","guid":{"rendered":"https:\/\/socioeducacao.unb.br\/?page_id=1162"},"modified":"2021-12-20T10:38:05","modified_gmt":"2021-12-20T13:38:05","slug":"inscricoes","status":"publish","type":"page","link":"https:\/\/socioeducacao.unb.br\/index.php\/inicial\/simposio-2021\/inscricoes\/","title":{"rendered":"Inscri\u00e7\u00f5es"},"content":{"rendered":"\n<p class=\"has-text-align-center has-small-font-size\">|  <strong><a href=\"https:\/\/socioeducacao.unb.br\/index.php\/inicial\/simposio-2021\/\" data-type=\"URL\" data-id=\"https:\/\/socioeducacao.unb.br\/index.php\/inicial\/simposio-2021\/\">III Simp\u00f3sio Nacional em Socioeduca\u00e7\u00e3o<\/a><\/strong>  |  <a href=\"https:\/\/socioeducacao.unb.br\/index.php\/inicial\/simposio-2021\/objetivos-simposio2021\/\" data-type=\"page\" data-id=\"867\">Objetivos<\/a> |  <a href=\"https:\/\/socioeducacao.unb.br\/index.php\/comissoes\/\">Comiss\u00f5es<\/a>  |  <a href=\"https:\/\/socioeducacao.unb.br\/index.php\/inicial\/simposio-2021\/datas-importantes\/\" data-type=\"page\" data-id=\"1164\">Datas Importantes<\/a>  |  <a href=\"https:\/\/socioeducacao.unb.br\/index.php\/programacao\/\" data-type=\"page\" data-id=\"1166\">Programa\u00e7\u00e3o<\/a>  | <a href=\"https:\/\/socioeducacao.unb.br\/index.php\/inicial\/simposio-2021\/programacao\/trabalhos-simposio2021\/\" data-type=\"URL\" data-id=\"https:\/\/socioeducacao.unb.br\/index.php\/inicial\/simposio-2021\/programacao\/trabalhos-simposio2021\/\">Trabalhos<\/a>  |<\/p>\n\n\n\n<p><\/p>\n\n\n\n<div class=\"wp-block-kadence-spacer aligncenter kt-block-spacer-_8dd6b2-14\"><div class=\"kt-block-spacer kt-block-spacer-halign-center\" style=\"height:60px\"><hr class=\"kt-divider\" style=\"border-top-color:#eee;border-top-width:1px;width:80%;border-top-style:solid\"\/><\/div><\/div>\n\n\n\n<div class=\"wp-block-columns alignfull is-layout-flex wp-container-core-columns-is-layout-9d6595d7 wp-block-columns-is-layout-flex\">\n<div class=\"wp-block-column is-vertically-aligned-bottom is-layout-flow wp-block-column-is-layout-flow\" style=\"flex-basis:30%\"><div class=\"alignleft wp-block-site-logo\"><img decoding=\"async\"   src=\"https:\/\/socioeducacao.unb.br\/wp-content\/uploads\/2021\/09\/iii_simposio_logo.png\" class=\"custom-logo\" alt=\"Portal da Socioeduca\u00e7\u00e3o\" srcset=\"https:\/\/socioeducacao.unb.br\/wp-content\/uploads\/2021\/09\/iii_simposio_logo.png 1248w, https:\/\/socioeducacao.unb.br\/wp-content\/uploads\/2021\/09\/iii_simposio_logo-300x65.png 300w, https:\/\/socioeducacao.unb.br\/wp-content\/uploads\/2021\/09\/iii_simposio_logo-1024x222.png 1024w, https:\/\/socioeducacao.unb.br\/wp-content\/uploads\/2021\/09\/iii_simposio_logo-768x167.png 768w, https:\/\/socioeducacao.unb.br\/wp-content\/uploads\/2021\/09\/iii_simposio_logo-583x127.png 583w\" sizes=\"(max-width: 260px) 100vw, 260px\" \/><\/div><\/div>\n\n\n\n<div class=\"wp-block-column is-vertically-aligned-center is-layout-flow wp-block-column-is-layout-flow\" style=\"flex-basis:70%\">\n<h3 class=\"kt-adv-heading_ba1d9c-41 wp-block-kadence-advancedheading\" data-kb-block=\"kb-adv-heading_ba1d9c-41\">INSCRI\u00c7\u00d5ES<\/h3>\n\n\n\n<p><\/p>\n<\/div>\n<\/div>\n\n\n\n<div class=\"wp-block-kadence-spacer aligncenter kt-block-spacer-_c55fdd-2b\"><div class=\"kt-block-spacer kt-block-spacer-halign-center\" style=\"height:60px\"><hr class=\"kt-divider\" style=\"border-top-color:#eee;border-top-width:1px;width:80%;border-top-style:solid\"\/><\/div><\/div>\n\n\n\n<p class=\"has-accent-2-color has-text-color\"><meta charset=\"utf-8\"><strong>INSCRI\u00c7\u00d5ES GERAIS<\/strong> <strong>PARA O EVENTO<\/strong><\/p>\n\n\n\n<p>Est\u00e3o abertas as inscri\u00e7\u00f5es para o <strong>III Simp\u00f3sio Nacional em Socioeduca\u00e7\u00e3o<\/strong> que ocorrer\u00e1 virtualmente entre os dias 23 a 26 de novembro de 2021. Nesta terceira edi\u00e7\u00e3o o Simp\u00f3sio tem como tema geral a <strong><em>Responsabiliza\u00e7\u00e3o e Emancipa\u00e7\u00e3o de adolescentes<\/em><\/strong>. <\/p>\n\n\n\n<p>A inscri\u00e7\u00e3o \u00e9 gratuita. As vagas s\u00e3o limitadas e ser\u00e3o encerradas quando forem preenchidas. Em caso de desist\u00eancia da participa\u00e7\u00e3o, por favor comunique previamente a Comiss\u00e3o Organizadora do evento.<\/p>\n\n\n\n<p>A emiss\u00e3o dos certificados de participa\u00e7\u00e3o no evento est\u00e1 condicionada \u00e0 efetiva presen\u00e7a e participa\u00e7\u00e3o, comprovadas mediante lista de presen\u00e7a.<\/p>\n\n\n\n<p>Para participar do evento fa\u00e7a sua inscri\u00e7\u00e3o <a rel=\"noreferrer noopener\" href=\"https:\/\/sig.unb.br\/sigaa\/public\/extensao\/loginCursosEventosExtensao.jsf\" target=\"_blank\">aqui<\/a>.<\/p>\n\n\n\n<p>Os interessados em participar do evento dever\u00e3o se cadastrar no Sistema Integrado de Gest\u00e3o de Atividades Acad\u00eamicas (SIGAA) da Universidade de Bras\u00edlia (UnB) e ap\u00f3s, realizar a inscri\u00e7\u00e3o no evento, conforme <a rel=\"noreferrer noopener\" href=\"https:\/\/drive.google.com\/file\/d\/1l2g5quP4HuCYnllf7Bmj1WOZHXyXzFEC\/view?usp=sharing\" data-type=\"URL\" data-id=\"https:\/\/drive.google.com\/file\/d\/1l2g5quP4HuCYnllf7Bmj1WOZHXyXzFEC\/view?usp=sharing\" target=\"_blank\">tutorial<\/a> com orienta\u00e7\u00f5es.<\/p>\n\n\n\n<p>Os certificados dos participantes efetivos est\u00e3o dispon\u00edveis no Sistema Integrado de Gest\u00e3o de Atividades Acad\u00eamicas (<a href=\"https:\/\/sig.unb.br\/sigaa\/public\/extensao\/areaInternaCursosEventosExtensao.jsf\" data-type=\"URL\" data-id=\"https:\/\/sig.unb.br\/sigaa\/public\/extensao\/areaInternaCursosEventosExtensao.jsf\">SIGAA<\/a>) da UnB. <\/p>\n\n\n\n<p class=\"has-accent-2-color has-text-color\"><meta charset=\"utf-8\"><strong>INSCRI\u00c7\u00d5ES EM MINICURSOS E OFICINAS<\/strong> &#8211; <strong>INSCRI\u00c7\u00d5ES ENCERRADAS, TODAS AS VAGAS FORAM PREENCHIDAS.<\/strong><\/p>\n\n\n\n<p>Para participar dos Minicursos e Oficinas n\u00e3o \u00e9 preciso estar inscrito no III Simp\u00f3sio Nacional em Socioeduca\u00e7\u00e3o, pois as inscri\u00e7\u00f5es s\u00e3o independentes.<\/p>\n\n\n\n<p><strong>Os Minicursos e Oficinas ocorrer\u00e3o durante o Pr\u00e9-Simp\u00f3sio<\/strong> na semana que antecede o evento, ou seja, de 16 a 22 de novembro de 2021. Consulte a <a href=\"https:\/\/drive.google.com\/file\/d\/1vP9fPJ9Jba7kmKQQdFLF_Ir5egvWxger\/view?usp=sharing\" data-type=\"URL\" target=\"_blank\" rel=\"noreferrer noopener\">programa\u00e7\u00e3o dos Minicursos e Oficinas<\/a>.<\/p>\n\n\n\n<p><meta charset=\"utf-8\">Para participar de <strong>Minicurso<\/strong> ou <strong>Oficina<\/strong> fa\u00e7a sua inscri\u00e7\u00e3o <a rel=\"noreferrer noopener\" href=\"https:\/\/docs.google.com\/forms\/d\/e\/1FAIpQLSdIyu2Y6oo5611GEZXVukIxwM-blwwi149xQ7gUWLP8teMmoQ\/viewform?usp=sf_link\" data-type=\"URL\" data-id=\"https:\/\/docs.google.com\/forms\/d\/e\/1FAIpQLSdIyu2Y6oo5611GEZXVukIxwM-blwwi149xQ7gUWLP8teMmoQ\/viewform?usp=sf_link\" target=\"_blank\">aqui<\/a>. (<meta charset=\"utf-8\"><strong>INSCRI\u00c7\u00d5ES ENCERRADAS<\/strong>)<\/p>\n\n\n\n<p>As vagas s\u00e3o limitadas e ser\u00e3o encerradas assim que forem preenchidas. <\/p>\n\n\n\n<p>A emiss\u00e3o dos certificados de participa\u00e7\u00e3o est\u00e1 condicionada \u00e0 efetiva presen\u00e7a e participa\u00e7\u00e3o nas oficinas e minicursos, comprovadas mediante lista de presen\u00e7a.<\/p>\n\n\n\n<p><meta charset=\"utf-8\">Os certificados dos participantes efetivos nos minicursos e oficinas foram enviados por e-mail. <\/p>\n\n\n\n<div class=\"wp-block-kadence-spacer aligncenter kt-block-spacer-_6bb1ef-46\"><div class=\"kt-block-spacer kt-block-spacer-halign-center\" style=\"height:60px\"><hr class=\"kt-divider\" style=\"border-top-color:#eee;border-top-width:1px;width:80%;border-top-style:solid\"\/><\/div><\/div>\n\n\n\n<p class=\"has-text-align-center has-normal-font-size\">|  <strong><a href=\"https:\/\/socioeducacao.unb.br\/index.php\/inicial\/simposio-2021\/\" data-type=\"URL\" data-id=\"https:\/\/socioeducacao.unb.br\/index.php\/inicial\/simposio-2021\/\">III Simp\u00f3sio Nacional em Socioeduca\u00e7\u00e3o<\/a><\/strong>  |  <a href=\"https:\/\/socioeducacao.unb.br\/index.php\/inicial\/simposio-2021\/objetivos-simposio2021\/\" data-type=\"page\" data-id=\"867\">Objetivos<\/a> |  <a href=\"https:\/\/socioeducacao.unb.br\/index.php\/comissoes\/\">Comiss\u00f5es<\/a>  |  <a href=\"https:\/\/socioeducacao.unb.br\/index.php\/inicial\/simposio-2021\/datas-importantes\/\" data-type=\"page\" data-id=\"1164\">Datas Importantes<\/a>  |  <a href=\"https:\/\/socioeducacao.unb.br\/index.php\/programacao\/\" data-type=\"page\" data-id=\"1166\">Programa\u00e7\u00e3o<\/a>  | <a href=\"https:\/\/socioeducacao.unb.br\/index.php\/inicial\/simposio-2021\/programacao\/trabalhos-simposio2021\/\" data-type=\"URL\" data-id=\"https:\/\/socioeducacao.unb.br\/index.php\/inicial\/simposio-2021\/programacao\/trabalhos-simposio2021\/\">Trabalhos<\/a>  |<\/p>\n\n\n\n<div class=\"wp-block-kadence-spacer aligncenter kt-block-spacer-_3b89b6-55\"><div class=\"kt-block-spacer kt-block-spacer-halign-center\" style=\"height:60px\"><hr class=\"kt-divider\" style=\"border-top-color:#eee;border-top-width:1px;width:80%;border-top-style:solid\"\/><\/div><\/div>\n\n\n\n<p><\/p>\n\n\n\n<div class=\"wp-block-image\"><figure class=\"aligncenter size-large\"><img loading=\"lazy\" decoding=\"async\" width=\"1024\" height=\"59\" src=\"https:\/\/socioeducacao.unb.br\/wp-content\/uploads\/2021\/09\/rodape_logotipos_apoio-2-1024x59.png\" alt=\"\" class=\"wp-image-1369\" srcset=\"https:\/\/socioeducacao.unb.br\/wp-content\/uploads\/2021\/09\/rodape_logotipos_apoio-2-1024x59.png 1024w, https:\/\/socioeducacao.unb.br\/wp-content\/uploads\/2021\/09\/rodape_logotipos_apoio-2-300x17.png 300w, https:\/\/socioeducacao.unb.br\/wp-content\/uploads\/2021\/09\/rodape_logotipos_apoio-2-768x44.png 768w, https:\/\/socioeducacao.unb.br\/wp-content\/uploads\/2021\/09\/rodape_logotipos_apoio-2-583x33.png 583w, https:\/\/socioeducacao.unb.br\/wp-content\/uploads\/2021\/09\/rodape_logotipos_apoio-2.png 1220w\" sizes=\"auto, (max-width: 1024px) 100vw, 1024px\" \/><\/figure><\/div>\n\n\n\n<p><\/p>\n\n\n\n<p>Em breve<\/p>\n","protected":false},"excerpt":{"rendered":"<p>| III Simp\u00f3sio Nacional em Socioeduca\u00e7\u00e3o | Objetivos | Comiss\u00f5es | Datas Importantes | Programa\u00e7\u00e3o | Trabalhos | INSCRI\u00c7\u00d5ES INSCRI\u00c7\u00d5ES GERAIS PARA O EVENTO Est\u00e3o &hellip;<\/p>\n","protected":false},"author":1,"featured_media":778,"parent":162,"menu_order":0,"comment_status":"closed","ping_status":"closed","template":"","meta":{"kt_blocks_editor_width":"","footnotes":""},"class_list":["post-1162","page","type-page","status-publish","has-post-thumbnail","hentry"],"_links":{"self":[{"href":"https:\/\/socioeducacao.unb.br\/index.php\/wp-json\/wp\/v2\/pages\/1162","targetHints":{"allow":["GET"]}}],"collection":[{"href":"https:\/\/socioeducacao.unb.br\/index.php\/wp-json\/wp\/v2\/pages"}],"about":[{"href":"https:\/\/socioeducacao.unb.br\/index.php\/wp-json\/wp\/v2\/types\/page"}],"author":[{"embeddable":true,"href":"https:\/\/socioeducacao.unb.br\/index.php\/wp-json\/wp\/v2\/users\/1"}],"replies":[{"embeddable":true,"href":"https:\/\/socioeducacao.unb.br\/index.php\/wp-json\/wp\/v2\/comments?post=1162"}],"version-history":[{"count":10,"href":"https:\/\/socioeducacao.unb.br\/index.php\/wp-json\/wp\/v2\/pages\/1162\/revisions"}],"predecessor-version":[{"id":1543,"href":"https:\/\/socioeducacao.unb.br\/index.php\/wp-json\/wp\/v2\/pages\/1162\/revisions\/1543"}],"up":[{"embeddable":true,"href":"https:\/\/socioeducacao.unb.br\/index.php\/wp-json\/wp\/v2\/pages\/162"}],"wp:featuredmedia":[{"embeddable":true,"href":"https:\/\/socioeducacao.unb.br\/index.php\/wp-json\/wp\/v2\/media\/778"}],"wp:attachment":[{"href":"https:\/\/socioeducacao.unb.br\/index.php\/wp-json\/wp\/v2\/media?parent=1162"}],"curies":[{"name":"wp","href":"https:\/\/api.w.org\/{rel}","templated":true}]}}