{"id":1577,"date":"2023-07-18T08:43:05","date_gmt":"2023-07-18T11:43:05","guid":{"rendered":"https:\/\/socioeducacao.unb.br\/?page_id=1577"},"modified":"2024-11-03T12:24:01","modified_gmt":"2024-11-03T15:24:01","slug":"iv-simposio-nacional-em-socioeducacao-2024","status":"publish","type":"page","link":"https:\/\/socioeducacao.unb.br\/index.php\/inicial\/iv-simposio-nacional-em-socioeducacao-2024\/","title":{"rendered":"IV Simp\u00f3sio Nacional em Socioeduca\u00e7\u00e3o 2024"},"content":{"rendered":"\n<p class=\"has-text-align-center has-normal-font-size\">|  <strong>IV Simp\u00f3sio Nacional em Socioeduca\u00e7\u00e3o<\/strong>  |  <a href=\"https:\/\/socioeducacao.unb.br\/index.php\/inicio-2024\/\">In\u00edcio<\/a> |  <a href=\"https:\/\/socioeducacao.unb.br\/index.php\/datas-2024\/\">Datas<\/a>  |  <a href=\"https:\/\/socioeducacao.unb.br\/index.php\/programacao-2024\/\">Programa\u00e7\u00e3o<\/a>  |  <a href=\"https:\/\/socioeducacao.unb.br\/index.php\/inscricoes-2024\/\">Inscri\u00e7\u00f5es<\/a>  |  <a href=\"https:\/\/socioeducacao.unb.br\/index.php\/local-2024\/\">Local<\/a>  |  <a href=\"https:\/\/socioeducacao.unb.br\/index.php\/comissoes-2024\/\">Comiss\u00f5es<\/a>  | <a href=\"https:\/\/socioeducacao.unb.br\/index.php\/inicial\/iv-simposio-nacional-em-socioeducacao-2023\/pre-simposio-2023\/\">Pr\u00e9-Simp\u00f3sio<\/a> |<\/p>\n\n\n\n<figure class=\"wp-block-image size-large\"><img loading=\"lazy\" decoding=\"async\" width=\"1024\" height=\"164\" src=\"https:\/\/socioeducacao.unb.br\/wp-content\/uploads\/2023\/07\/Logo_simposio_2023-2-1024x164.png\" alt=\"\" class=\"wp-image-1607\" srcset=\"https:\/\/socioeducacao.unb.br\/wp-content\/uploads\/2023\/07\/Logo_simposio_2023-2-1024x164.png 1024w, https:\/\/socioeducacao.unb.br\/wp-content\/uploads\/2023\/07\/Logo_simposio_2023-2-300x48.png 300w, https:\/\/socioeducacao.unb.br\/wp-content\/uploads\/2023\/07\/Logo_simposio_2023-2-768x123.png 768w, https:\/\/socioeducacao.unb.br\/wp-content\/uploads\/2023\/07\/Logo_simposio_2023-2-1536x246.png 1536w, https:\/\/socioeducacao.unb.br\/wp-content\/uploads\/2023\/07\/Logo_simposio_2023-2-583x94.png 583w, https:\/\/socioeducacao.unb.br\/wp-content\/uploads\/2023\/07\/Logo_simposio_2023-2.png 1802w\" sizes=\"auto, (max-width: 1024px) 100vw, 1024px\" \/><\/figure>\n\n\n\n<p class=\"has-text-align-right has-larger-font-size\"><strong><em><sub>Antirracismo, Direitos Humanos e Cen\u00e1rios de resist\u00eancia<\/sub><\/em><\/strong><\/p>\n\n\n\n\n\n<p class=\"has-text-align-right\"><strong>21, 22 e 23 de fevereiro de 2024<\/strong><\/p>\n\n\n\n<p><\/p>\n\n\n\n<div class=\"wp-block-kadence-spacer aligncenter kt-block-spacer-_eb5df2-0f\"><div class=\"kt-block-spacer kt-block-spacer-halign-center\" style=\"height:60px\"><hr class=\"kt-divider\" style=\"border-top-color:#eee;border-top-width:1px;width:80%;border-top-style:solid\"\/><\/div><\/div>\n\n\n\n<p><strong>APRESENTA\u00c7\u00c3O<\/strong><\/p>\n\n\n\n<p>Chegamos \u00e0 4\u00aa edi\u00e7\u00e3o do Simp\u00f3sio Nacional em Socioeduca\u00e7\u00e3o!<br>Desde sua primeira edi\u00e7\u00e3o o Simp\u00f3sio caracteriza-se por ser um evento de natureza cient\u00edfica e profissional que explora tem\u00e1ticas interdisciplinares e transversais ao campo da investiga\u00e7\u00e3o cient\u00edfica e da atua\u00e7\u00e3o profissional. Outra caracter\u00edstica das tr\u00eas edi\u00e7\u00f5es passadas foi o car\u00e1ter participativo e inclusivo do evento que sempre reuniu profissionais, gestores, estudantes e pesquisadores da \u00e1rea, al\u00e9m de adolescentes e egressos do sistema socioeducativo que tiveram a oportunidade de trazer sua contribui\u00e7\u00e3o para as discuss\u00f5es.<\/p>\n\n\n\n<p><br>A participa\u00e7\u00e3o de adolescentes e jovens em cumprimento de medidas socioeducativas e de egressos do sistema socioeducativo tem lugar garantido na programa\u00e7\u00e3o do Simp\u00f3sio Nacional em Socioeduca\u00e7\u00e3o por meio de atividades ligadas \u00e0 arte, cultura e participa\u00e7\u00e3o pol\u00edtica. Al\u00e9m disso, os(as) adolescentes e jovens participam da organiza\u00e7\u00e3o do evento, pensando em melhores estrat\u00e9gias de atua\u00e7\u00e3o e media\u00e7\u00e3o durante a realiza\u00e7\u00e3o das atividades.<br><\/p>\n\n\n\n<p>O IV Simp\u00f3sio Nacional em Socioeduca\u00e7\u00e3o \u00e9 um espa\u00e7o para o compartilhamento e promo\u00e7\u00e3o de saberes voltados para uma socioeduca\u00e7\u00e3o comprometida com os direitos humanos e que reconhece jovens e adolescentes do sistema socioeducativo como sujeitos de direitos. Assim, a presen\u00e7a dos adolescentes e jovens no planejamento e realiza\u00e7\u00e3o do evento se d\u00e1 de forma a garantir um espa\u00e7o de respeito \u00e0 identidade, voz e atua\u00e7\u00e3o deles, que s\u00e3o os sujeitos centrais dessa pol\u00edtica.<\/p>\n\n\n\n<p><br>Idealizado pelo Grupo de Estudos e Pesquisas em Desenvolvimento Humano e Socioeduca\u00e7\u00e3o (GEPDHS) da Universidade de Bras\u00edlia (UnB), desde a sua primeira edi\u00e7\u00e3o o Simp\u00f3sio \u00e9 organizado em parceria com a Secretaria de Justi\u00e7a e Cidadania do DF (SEJUS-DF), por meio da Subsecretaria do Sistema Socioeducativo (SubSis), duas institui\u00e7\u00f5es que tradicionalmente organizam o evento. Nesta quarta edi\u00e7\u00e3o o Simp\u00f3sio conta tamb\u00e9m com a participa\u00e7\u00e3o do Programa de P\u00f3s-Gradua\u00e7\u00e3o em Terapia Ocupacional e Processos de Inclus\u00e3o Social da Faculdade de Medicina da Universidade de S\u00e3o Paulo (FMUSP) e o Centro de Orienta\u00e7\u00e3o ao Adolescente de Campinas (COMEC), como ocorreu em 2021, e com a participa\u00e7\u00e3o do Programa de P\u00f3s-Gradua\u00e7\u00e3o em Pol\u00edticas P\u00fablicas para Inf\u00e2ncia e Juventude do Centro de Estudos Avan\u00e7ados Multidisciplinares da Universidade de Bras\u00edlia (UnB).<\/p>\n\n\n\n<p><br>Caminhando para sua quarta edi\u00e7\u00e3o, o Simp\u00f3sio Nacional em Socioeduca\u00e7\u00e3o tem representado importante refer\u00eancia na constru\u00e7\u00e3o de uma comunidade de aprendizagem que partilha o compromisso com a permanente promo\u00e7\u00e3o do atendimento socioeducativo numa perspectiva intersetorial, interdisciplinar e participativa. Diante de sua trajet\u00f3ria bem-sucedida, acreditamos que a realiza\u00e7\u00e3o da quarta edi\u00e7\u00e3o do Simp\u00f3sio tem muito a contribuir com o debate e qualifica\u00e7\u00e3o do exerc\u00edcio profissional de garantia de direitos, nas diferentes \u00e1reas de conhecimento e muito especialmente na articula\u00e7\u00e3o interdisciplinar, bem como pode fomentar o desenvolvimento de pesquisas e de interven\u00e7\u00e3o no contexto socioeducativo mais conectadas ao fortalecimento da democracia e \u00e0 garantia dos direitos humanos.<br>Contamos com a sua participa\u00e7\u00e3o!<\/p>\n\n\n\n<div class=\"wp-block-kadence-spacer aligncenter kt-block-spacer-_374fda-e6\"><div class=\"kt-block-spacer kt-block-spacer-halign-center\" style=\"height:60px\"><hr class=\"kt-divider\" style=\"border-top-color:#eee;border-top-width:1px;width:80%;border-top-style:solid\"\/><\/div><\/div>\n\n\n<style id=\"kt-blocks_c0888b-bf\">#kt-adv-heading_c0888b-bf, #kt-adv-heading_c0888b-bf .wp-block-kadence-advancedheading, .wp-block-kadence-advancedheading.kt-adv-heading_c0888b-bf[data-kb-block=\"kb-adv-heading_c0888b-bf\"], .kadence-advanced-heading-wrapper .kt-adv-heading_c0888b-bf[data-kb-block=\"kb-adv-heading_c0888b-bf\"]{text-align:center;}<\/style>\n<h5 class=\"kt-adv-heading_c0888b-bf wp-block-kadence-advancedheading has-accent-2-color has-text-color\" data-kb-block=\"kb-adv-heading_c0888b-bf\">Convidamos voc\u00eas a participarem do VI Simp\u00f3sio Nacional em Socioeduca\u00e7\u00e3o que ocorrer\u00e1 nos dias 21, 22 e 23 de fevereiro de 2024 em formato presencial e gratuito!<\/h5>\n\n\n\n<div class=\"wp-block-kadence-spacer aligncenter kt-block-spacer-_849877-69\"><div class=\"kt-block-spacer kt-block-spacer-halign-center\" style=\"height:60px\"><hr class=\"kt-divider\" style=\"border-top-color:#eee;border-top-width:1px;width:80%;border-top-style:solid\"\/><\/div><\/div>\n\n\n\n<p class=\"has-normal-font-size\"><strong>CONTATO<\/strong>: <a href=\"mailto:simposionacional@socioeducacao.com\" target=\"_blank\" rel=\"noreferrer noopener\">simposionacional@socioeducacao.com<\/a> (Comiss\u00e3o Organizadora)<\/p>\n\n\n\n<div class=\"wp-block-kadence-spacer aligncenter kt-block-spacer-_e29759-2c\"><div class=\"kt-block-spacer kt-block-spacer-halign-center\" style=\"height:60px\"><hr class=\"kt-divider\" style=\"border-top-color:#eee;border-top-width:1px;width:80%;border-top-style:solid\"\/><\/div><\/div>\n\n\n\n<p class=\"has-text-align-center\"><strong>Registros fotogr\u00e1ficos do<\/strong> <strong><a href=\"https:\/\/drive.google.com\/drive\/folders\/1JUKtiGmwrOklvZzjiTAoLO4wpIEigdVK?usp=sharing\" target=\"_blank\" rel=\"noreferrer noopener\">IV Simp\u00f3sio Nacional em Socioeduca\u00e7\u00e3o &#8211; 2024.<\/a><\/strong><\/p>\n\n\n\n<p class=\"has-text-align-center\"><strong>Nos acompanhe tamb\u00e9m pelo\u00a0<a rel=\"noreferrer noopener\" href=\"https:\/\/www.instagram.com\/simposiosocioeducacao\/\" target=\"_blank\">Instagram<\/a>\u00a0e pelo\u00a0<a rel=\"noreferrer noopener\" href=\"https:\/\/www.youtube.com\/@simposionacionalemsocioedu7633\/streams\" target=\"_blank\">YouTube<\/a>.<\/strong><\/p>\n\n\n\n<p class=\"has-text-align-center has-normal-font-size\">| <strong>IV Simp\u00f3sio Nacional em Socioeduca\u00e7\u00e3o<\/strong> | <a href=\"https:\/\/socioeducacao.unb.br\/index.php\/inicio-2024\/\">In\u00edcio<\/a> | <a href=\"https:\/\/socioeducacao.unb.br\/index.php\/datas-2024\/\">Datas<\/a> | <a href=\"http:\/\/socioeducacao.unb.br\/index.php\/programacao-2024\/\">Programa\u00e7\u00e3o<\/a> | <a href=\"https:\/\/socioeducacao.unb.br\/index.php\/inscricoes-2024\/\">Inscri\u00e7\u00f5es<\/a> | <a href=\"https:\/\/socioeducacao.unb.br\/index.php\/local-2024\/\">Local<\/a> |  <a href=\"https:\/\/socioeducacao.unb.br\/index.php\/comissoes-2024\/\">Comiss\u00f5es<\/a>  | <a href=\"https:\/\/socioeducacao.unb.br\/index.php\/pre-simposio-2023\/\">Pr\u00e9-Simp\u00f3sio<\/a> |<\/p>\n\n\n\n<div class=\"wp-block-kadence-spacer aligncenter kt-block-spacer-_42a9ac-6c\"><div class=\"kt-block-spacer kt-block-spacer-halign-center\" style=\"height:60px\"><hr class=\"kt-divider\" style=\"border-top-color:#eee;border-top-width:1px;width:80%;border-top-style:solid\"\/><\/div><\/div>\n\n\n<div class=\"wp-block-image\">\n<figure class=\"aligncenter size-large\"><img loading=\"lazy\" decoding=\"async\" width=\"1024\" height=\"164\" src=\"https:\/\/socioeducacao.unb.br\/wp-content\/uploads\/2023\/11\/Rodape\u0301_2-linhas-1024x164.jpg\" alt=\"\" class=\"wp-image-1892\" srcset=\"https:\/\/socioeducacao.unb.br\/wp-content\/uploads\/2023\/11\/Rodape\u0301_2-linhas-1024x164.jpg 1024w, https:\/\/socioeducacao.unb.br\/wp-content\/uploads\/2023\/11\/Rodape\u0301_2-linhas-300x48.jpg 300w, https:\/\/socioeducacao.unb.br\/wp-content\/uploads\/2023\/11\/Rodape\u0301_2-linhas-768x123.jpg 768w, https:\/\/socioeducacao.unb.br\/wp-content\/uploads\/2023\/11\/Rodape\u0301_2-linhas-1536x246.jpg 1536w, https:\/\/socioeducacao.unb.br\/wp-content\/uploads\/2023\/11\/Rodape\u0301_2-linhas-2048x328.jpg 2048w, https:\/\/socioeducacao.unb.br\/wp-content\/uploads\/2023\/11\/Rodape\u0301_2-linhas-583x93.jpg 583w\" sizes=\"auto, (max-width: 1024px) 100vw, 1024px\" \/><\/figure><\/div>\n\n\n<p><\/p>\n","protected":false},"excerpt":{"rendered":"<p>| IV Simp\u00f3sio Nacional em Socioeduca\u00e7\u00e3o | In\u00edcio | Datas | Programa\u00e7\u00e3o | Inscri\u00e7\u00f5es | Local | Comiss\u00f5es | Pr\u00e9-Simp\u00f3sio | Antirracismo, Direitos Humanos e &hellip;<\/p>\n","protected":false},"author":1,"featured_media":0,"parent":513,"menu_order":0,"comment_status":"closed","ping_status":"closed","template":"","meta":{"kt_blocks_editor_width":"","footnotes":""},"class_list":["post-1577","page","type-page","status-publish","hentry"],"_links":{"self":[{"href":"https:\/\/socioeducacao.unb.br\/index.php\/wp-json\/wp\/v2\/pages\/1577","targetHints":{"allow":["GET"]}}],"collection":[{"href":"https:\/\/socioeducacao.unb.br\/index.php\/wp-json\/wp\/v2\/pages"}],"about":[{"href":"https:\/\/socioeducacao.unb.br\/index.php\/wp-json\/wp\/v2\/types\/page"}],"author":[{"embeddable":true,"href":"https:\/\/socioeducacao.unb.br\/index.php\/wp-json\/wp\/v2\/users\/1"}],"replies":[{"embeddable":true,"href":"https:\/\/socioeducacao.unb.br\/index.php\/wp-json\/wp\/v2\/comments?post=1577"}],"version-history":[{"count":45,"href":"https:\/\/socioeducacao.unb.br\/index.php\/wp-json\/wp\/v2\/pages\/1577\/revisions"}],"predecessor-version":[{"id":1987,"href":"https:\/\/socioeducacao.unb.br\/index.php\/wp-json\/wp\/v2\/pages\/1577\/revisions\/1987"}],"up":[{"embeddable":true,"href":"https:\/\/socioeducacao.unb.br\/index.php\/wp-json\/wp\/v2\/pages\/513"}],"wp:attachment":[{"href":"https:\/\/socioeducacao.unb.br\/index.php\/wp-json\/wp\/v2\/media?parent=1577"}],"curies":[{"name":"wp","href":"https:\/\/api.w.org\/{rel}","templated":true}]}}