{"id":1673,"date":"2023-09-20T09:14:41","date_gmt":"2023-09-20T12:14:41","guid":{"rendered":"https:\/\/socioeducacao.unb.br\/?page_id=1673"},"modified":"2024-11-03T12:26:42","modified_gmt":"2024-11-03T15:26:42","slug":"pre-simposio-2023","status":"publish","type":"page","link":"https:\/\/socioeducacao.unb.br\/index.php\/pre-simposio-2023\/","title":{"rendered":"Pr\u00e9-Simp\u00f3sio 2023"},"content":{"rendered":"\n<p class=\"has-text-align-center\">|&nbsp;<strong>IV Simp\u00f3sio Nacional em Socioeduca\u00e7\u00e3o<\/strong>&nbsp;|&nbsp;<a href=\"https:\/\/socioeducacao.unb.br\/index.php\/inicio-2024\/\">In\u00edcio<\/a>&nbsp;|&nbsp;<a href=\"https:\/\/socioeducacao.unb.br\/index.php\/datas-2024\/\">Datas<\/a>&nbsp;|&nbsp;<a href=\"https:\/\/socioeducacao.unb.br\/index.php\/programacao-2024\/\">Programa\u00e7\u00e3o<\/a>&nbsp;| <a href=\"https:\/\/socioeducacao.unb.br\/index.php\/inscricoes-2024\/\">Inscri\u00e7\u00f5es<\/a> | <a href=\"https:\/\/socioeducacao.unb.br\/index.php\/local-2024\/\">Local<\/a> |&nbsp;<a href=\"https:\/\/socioeducacao.unb.br\/index.php\/comissoes-2024\/\">Comiss\u00f5es<\/a>&nbsp;| Pr\u00e9-Simp\u00f3sio |<\/p>\n\n\n\n<figure class=\"wp-block-image size-large\"><img loading=\"lazy\" decoding=\"async\" width=\"1024\" height=\"341\" src=\"https:\/\/socioeducacao.unb.br\/wp-content\/uploads\/2023\/09\/banner_site_grafitti_pre_simposio-1-1024x341.jpg\" alt=\"\" class=\"wp-image-1683\" srcset=\"https:\/\/socioeducacao.unb.br\/wp-content\/uploads\/2023\/09\/banner_site_grafitti_pre_simposio-1-1024x341.jpg 1024w, https:\/\/socioeducacao.unb.br\/wp-content\/uploads\/2023\/09\/banner_site_grafitti_pre_simposio-1-300x100.jpg 300w, https:\/\/socioeducacao.unb.br\/wp-content\/uploads\/2023\/09\/banner_site_grafitti_pre_simposio-1-768x256.jpg 768w, https:\/\/socioeducacao.unb.br\/wp-content\/uploads\/2023\/09\/banner_site_grafitti_pre_simposio-1-1536x512.jpg 1536w, https:\/\/socioeducacao.unb.br\/wp-content\/uploads\/2023\/09\/banner_site_grafitti_pre_simposio-1-2048x683.jpg 2048w, https:\/\/socioeducacao.unb.br\/wp-content\/uploads\/2023\/09\/banner_site_grafitti_pre_simposio-1-583x194.jpg 583w\" sizes=\"auto, (max-width: 1024px) 100vw, 1024px\" \/><\/figure>\n\n\n\n<p class=\"has-text-align-right has-larger-font-size\"><strong><em><sub>Antirracismo, Direitos Humanos e Cen\u00e1rios de resist\u00eancia<\/sub><\/em><\/strong><\/p>\n\n\n\n<p>Como parte da programa\u00e7\u00e3o do <strong>IV Simp\u00f3sio Nacional em Socioeduca\u00e7\u00e3o<\/strong>, teremos a realiza\u00e7\u00e3o do <strong>Pr\u00e9-Simp\u00f3sio<\/strong>, uma atividade virtual com a oferta de minicursos e oficinas.&nbsp;<\/p>\n\n\n\n<p><strong>O Pr\u00e9-Simp\u00f3sio ser\u00e1 realizado entre os dias 20 e 24 de novembro de 2023<\/strong>, de forma totalmente virtual, por isso \u00e9 importante que o\/a(s) participante(s) tenha(m) as condi\u00e7\u00f5es necess\u00e1rias para participar dos minicursos e oficinas que poder\u00e3o ter carga hor\u00e1ria de 3 a 20 horas.&nbsp;<\/p>\n\n\n\n<p>O tema geral do IV Simp\u00f3sio Nacional em Socioeduca\u00e7\u00e3o ser\u00e1 \u201c<strong><em>Antirracismo, Direitos Humanos e Cen\u00e1rios de Resist\u00eancia<\/em><\/strong>\u201d e os minicursos e oficinas tamb\u00e9m ir\u00e3o explorar estes conceitos centrais bem como os subtemas propostos para esta quarta edi\u00e7\u00e3o do Simp\u00f3sio.<\/p>\n\n\n\n<p>\u00c9 necess\u00e1rio se inscrever previamente. As inscri\u00e7\u00f5es ser\u00e3o gratuitas e todos\/as os\/as participantes ser\u00e3o certificados. Cada participante poder\u00e1 se inscrever em at\u00e9 3 atividades. As vagas s\u00e3o limitadas e considera-se a ordem de inscri\u00e7\u00e3o.<\/p>\n\n\n\n<p class=\"has-text-align-center has-accent-2-color has-text-color has-large-font-size\">Para participar de&nbsp;<strong>Minicurso<\/strong>&nbsp;ou&nbsp;<strong>Oficina<\/strong>&nbsp;fa\u00e7a sua inscri\u00e7\u00e3o&nbsp;<a rel=\"noreferrer noopener\" href=\"https:\/\/www.even3.com.br\/pre-simposio-nacional-em-socioeducacao-368924\" target=\"_blank\">aqui<\/a>. <\/p>\n\n\n\n<p class=\"has-text-align-center\"><strong>Per\u00edodo de inscri\u00e7\u00f5es: 17 a 23 de outubro de 2023.<\/strong><\/p>\n\n\n\n<p class=\"has-text-align-center has-accent-1-color has-text-color has-large-font-size\"><strong>Se voc\u00ea j\u00e1 est\u00e1 inscrito, acesse <a rel=\"noreferrer noopener\" href=\"https:\/\/www.even3.com.br\/pre-simposio-nacional-em-socioeducacao-368924\" target=\"_blank\">aqui<\/a> para participar do&nbsp;Minicurso&nbsp;ou da&nbsp;Oficina.<\/strong><\/p>\n\n\n\n<p class=\"has-text-align-center has-accent-1-color has-text-color\">Lembre-se: \u00c9 preciso fazer login na plataforma even3 para acessar as atividades ns quais voc\u00ea se inscreveu.<\/p>\n\n\n\n<p class=\"has-text-align-center\"><\/p>\n\n\n\n<p class=\"has-text-align-center\"><strong>Veja a seguir a programa\u00e7\u00e3o do Pr\u00e9-Simp\u00f3sio Nacional em Socioeduca\u00e7\u00e3o 2023:<\/strong><\/p>\n\n\n\n<figure class=\"wp-block-image size-large\"><img loading=\"lazy\" decoding=\"async\" width=\"1024\" height=\"677\" src=\"https:\/\/socioeducacao.unb.br\/wp-content\/uploads\/2023\/10\/Captura-de-Tela-2023-10-17-a\u0300s-10.28.38-1024x677.png\" alt=\"\" class=\"wp-image-1845\" srcset=\"https:\/\/socioeducacao.unb.br\/wp-content\/uploads\/2023\/10\/Captura-de-Tela-2023-10-17-a\u0300s-10.28.38-1024x677.png 1024w, https:\/\/socioeducacao.unb.br\/wp-content\/uploads\/2023\/10\/Captura-de-Tela-2023-10-17-a\u0300s-10.28.38-300x198.png 300w, https:\/\/socioeducacao.unb.br\/wp-content\/uploads\/2023\/10\/Captura-de-Tela-2023-10-17-a\u0300s-10.28.38-768x508.png 768w, https:\/\/socioeducacao.unb.br\/wp-content\/uploads\/2023\/10\/Captura-de-Tela-2023-10-17-a\u0300s-10.28.38-1536x1016.png 1536w, https:\/\/socioeducacao.unb.br\/wp-content\/uploads\/2023\/10\/Captura-de-Tela-2023-10-17-a\u0300s-10.28.38-2048x1354.png 2048w, https:\/\/socioeducacao.unb.br\/wp-content\/uploads\/2023\/10\/Captura-de-Tela-2023-10-17-a\u0300s-10.28.38-454x300.png 454w\" sizes=\"auto, (max-width: 1024px) 100vw, 1024px\" \/><\/figure>\n\n\n\n<figure class=\"wp-block-image size-large\"><img loading=\"lazy\" decoding=\"async\" width=\"1024\" height=\"124\" src=\"https:\/\/socioeducacao.unb.br\/wp-content\/uploads\/2023\/10\/Captura-de-Tela-2023-10-17-a\u0300s-10.28.49-1024x124.png\" alt=\"\" class=\"wp-image-1846\" srcset=\"https:\/\/socioeducacao.unb.br\/wp-content\/uploads\/2023\/10\/Captura-de-Tela-2023-10-17-a\u0300s-10.28.49-1024x124.png 1024w, https:\/\/socioeducacao.unb.br\/wp-content\/uploads\/2023\/10\/Captura-de-Tela-2023-10-17-a\u0300s-10.28.49-300x36.png 300w, https:\/\/socioeducacao.unb.br\/wp-content\/uploads\/2023\/10\/Captura-de-Tela-2023-10-17-a\u0300s-10.28.49-768x93.png 768w, https:\/\/socioeducacao.unb.br\/wp-content\/uploads\/2023\/10\/Captura-de-Tela-2023-10-17-a\u0300s-10.28.49-1536x186.png 1536w, https:\/\/socioeducacao.unb.br\/wp-content\/uploads\/2023\/10\/Captura-de-Tela-2023-10-17-a\u0300s-10.28.49-2048x248.png 2048w, https:\/\/socioeducacao.unb.br\/wp-content\/uploads\/2023\/10\/Captura-de-Tela-2023-10-17-a\u0300s-10.28.49-583x71.png 583w\" sizes=\"auto, (max-width: 1024px) 100vw, 1024px\" \/><\/figure>\n\n\n\n<figure class=\"wp-block-image size-large\"><img loading=\"lazy\" decoding=\"async\" width=\"1024\" height=\"518\" src=\"https:\/\/socioeducacao.unb.br\/wp-content\/uploads\/2023\/10\/Captura-de-Tela-2023-10-17-a\u0300s-10.31.34-1024x518.png\" alt=\"\" class=\"wp-image-1850\" srcset=\"https:\/\/socioeducacao.unb.br\/wp-content\/uploads\/2023\/10\/Captura-de-Tela-2023-10-17-a\u0300s-10.31.34-1024x518.png 1024w, https:\/\/socioeducacao.unb.br\/wp-content\/uploads\/2023\/10\/Captura-de-Tela-2023-10-17-a\u0300s-10.31.34-300x152.png 300w, https:\/\/socioeducacao.unb.br\/wp-content\/uploads\/2023\/10\/Captura-de-Tela-2023-10-17-a\u0300s-10.31.34-768x388.png 768w, https:\/\/socioeducacao.unb.br\/wp-content\/uploads\/2023\/10\/Captura-de-Tela-2023-10-17-a\u0300s-10.31.34-1536x776.png 1536w, https:\/\/socioeducacao.unb.br\/wp-content\/uploads\/2023\/10\/Captura-de-Tela-2023-10-17-a\u0300s-10.31.34-2048x1035.png 2048w, https:\/\/socioeducacao.unb.br\/wp-content\/uploads\/2023\/10\/Captura-de-Tela-2023-10-17-a\u0300s-10.31.34-583x295.png 583w\" sizes=\"auto, (max-width: 1024px) 100vw, 1024px\" \/><\/figure>\n\n\n\n<p><\/p>\n\n\n\n<figure class=\"wp-block-image size-large\"><img loading=\"lazy\" decoding=\"async\" width=\"1024\" height=\"235\" src=\"https:\/\/socioeducacao.unb.br\/wp-content\/uploads\/2023\/10\/Captura-de-Tela-2023-10-17-a\u0300s-10.31.44-1024x235.png\" alt=\"\" class=\"wp-image-1851\" srcset=\"https:\/\/socioeducacao.unb.br\/wp-content\/uploads\/2023\/10\/Captura-de-Tela-2023-10-17-a\u0300s-10.31.44-1024x235.png 1024w, https:\/\/socioeducacao.unb.br\/wp-content\/uploads\/2023\/10\/Captura-de-Tela-2023-10-17-a\u0300s-10.31.44-300x69.png 300w, https:\/\/socioeducacao.unb.br\/wp-content\/uploads\/2023\/10\/Captura-de-Tela-2023-10-17-a\u0300s-10.31.44-768x176.png 768w, https:\/\/socioeducacao.unb.br\/wp-content\/uploads\/2023\/10\/Captura-de-Tela-2023-10-17-a\u0300s-10.31.44-1536x352.png 1536w, https:\/\/socioeducacao.unb.br\/wp-content\/uploads\/2023\/10\/Captura-de-Tela-2023-10-17-a\u0300s-10.31.44-2048x469.png 2048w, https:\/\/socioeducacao.unb.br\/wp-content\/uploads\/2023\/10\/Captura-de-Tela-2023-10-17-a\u0300s-10.31.44-583x134.png 583w\" sizes=\"auto, (max-width: 1024px) 100vw, 1024px\" \/><\/figure>\n\n\n\n<div class=\"wp-block-kadence-spacer aligncenter kt-block-spacer-_b6a04a-7b\"><div class=\"kt-block-spacer kt-block-spacer-halign-center\" style=\"height:60px\"><hr class=\"kt-divider\" style=\"border-top-color:#eee;border-top-width:1px;width:80%;border-top-style:solid\"\/><\/div><\/div>\n\n\n\n<p class=\"has-text-align-center has-accent-2-color has-text-color has-large-font-size\">Para participar de&nbsp;<strong>Minicurso<\/strong>&nbsp;ou&nbsp;<strong>Oficina<\/strong>&nbsp;fa\u00e7a sua inscri\u00e7\u00e3o&nbsp;<a rel=\"noreferrer noopener\" href=\"https:\/\/www.even3.com.br\/pre-simposio-nacional-em-socioeducacao-368924\" target=\"_blank\">aqui<\/a>.<\/p>\n\n\n\n<p class=\"has-text-align-center has-accent-1-color has-text-color has-large-font-size\"><strong>Se voc\u00ea j\u00e1 est\u00e1 inscrito, acesse <a rel=\"noreferrer noopener\" href=\"https:\/\/www.even3.com.br\/pre-simposio-nacional-em-socioeducacao-368924\" target=\"_blank\">aqui<\/a> para participar do&nbsp;Minicurso&nbsp;ou da&nbsp;Oficina.<\/strong><\/p>\n\n\n\n<p>A emiss\u00e3o dos certificados de participa\u00e7\u00e3o est\u00e1 condicionada \u00e0 efetiva presen\u00e7a e participa\u00e7\u00e3o nas oficinas e minicursos, comprovadas mediante lista de presen\u00e7a.<\/p>\n\n\n\n<p>Em caso de d\u00favidas, entre em contato com a Comiss\u00e3o Organizadora pelo e-mail: <a href=\"mailto:simposionacional@socioeducacao.com\">simposionacional@socioeducacao.com<\/a><\/p>\n\n\n\n<p><\/p>\n\n\n\n<p class=\"has-text-align-center\"><strong>Registros fotogr\u00e1ficos do <a href=\"https:\/\/drive.google.com\/drive\/folders\/11vGUO1G4ZMM6aRBs7YI5y4x4x293NxHA?usp=sharing\" target=\"_blank\" rel=\"noreferrer noopener\">Pr\u00e9-Simp\u00f3sio 2023<\/a>.<\/strong><\/p>\n\n\n\n<p class=\"has-text-align-center\"><strong>Nos acompanhe tamb\u00e9m pelo&nbsp;<a rel=\"noreferrer noopener\" href=\"https:\/\/www.instagram.com\/simposiosocioeducacao\/\" target=\"_blank\">Instagram<\/a>&nbsp;e pelo&nbsp;<a rel=\"noreferrer noopener\" href=\"https:\/\/www.youtube.com\/@simposionacionalemsocioedu7633\/streams\" target=\"_blank\">YouTube<\/a>.<\/strong><\/p>\n\n\n\n<hr class=\"wp-block-separator has-alpha-channel-opacity\"\/>\n\n\n\n<p class=\"has-text-align-center\">|&nbsp;<strong>IV Simp\u00f3sio Nacional em Socioeduca\u00e7\u00e3o<\/strong>&nbsp;|&nbsp;<a href=\"https:\/\/socioeducacao.unb.br\/index.php\/inicio-2024\/\">In\u00edcio<\/a>&nbsp;|&nbsp;<a href=\"https:\/\/socioeducacao.unb.br\/index.php\/datas-2024\/\">Datas<\/a>&nbsp;|&nbsp;<a href=\"https:\/\/socioeducacao.unb.br\/index.php\/programacao-2024\/\">Programa\u00e7\u00e3o<\/a>&nbsp;| <a href=\"https:\/\/socioeducacao.unb.br\/index.php\/inscricoes-2024\/\">Inscri\u00e7\u00f5es<\/a> | <a href=\"https:\/\/socioeducacao.unb.br\/index.php\/local-2024\/\">Local<\/a> |&nbsp;<a href=\"https:\/\/socioeducacao.unb.br\/index.php\/comissoes-2024\/\">Comiss\u00f5es<\/a>&nbsp;| Pr\u00e9-Simp\u00f3sio |<\/p>\n\n\n\n<hr class=\"wp-block-separator has-alpha-channel-opacity\"\/>\n\n\n<div class=\"wp-block-image\">\n<figure class=\"aligncenter size-large\"><img loading=\"lazy\" decoding=\"async\" width=\"1024\" height=\"164\" src=\"https:\/\/socioeducacao.unb.br\/wp-content\/uploads\/2023\/11\/banner_2-1-1024x164.jpg\" alt=\"\" class=\"wp-image-1874\" srcset=\"https:\/\/socioeducacao.unb.br\/wp-content\/uploads\/2023\/11\/banner_2-1-1024x164.jpg 1024w, https:\/\/socioeducacao.unb.br\/wp-content\/uploads\/2023\/11\/banner_2-1-300x48.jpg 300w, https:\/\/socioeducacao.unb.br\/wp-content\/uploads\/2023\/11\/banner_2-1-768x123.jpg 768w, https:\/\/socioeducacao.unb.br\/wp-content\/uploads\/2023\/11\/banner_2-1-1536x246.jpg 1536w, https:\/\/socioeducacao.unb.br\/wp-content\/uploads\/2023\/11\/banner_2-1-2048x328.jpg 2048w, https:\/\/socioeducacao.unb.br\/wp-content\/uploads\/2023\/11\/banner_2-1-583x93.jpg 583w\" sizes=\"auto, (max-width: 1024px) 100vw, 1024px\" \/><\/figure><\/div>","protected":false},"excerpt":{"rendered":"<p>|&nbsp;IV Simp\u00f3sio Nacional em Socioeduca\u00e7\u00e3o&nbsp;|&nbsp;In\u00edcio&nbsp;|&nbsp;Datas&nbsp;|&nbsp;Programa\u00e7\u00e3o&nbsp;| Inscri\u00e7\u00f5es | Local |&nbsp;Comiss\u00f5es&nbsp;| Pr\u00e9-Simp\u00f3sio | Antirracismo, Direitos Humanos e Cen\u00e1rios de resist\u00eancia Como parte da programa\u00e7\u00e3o do IV Simp\u00f3sio &hellip;<\/p>\n","protected":false},"author":1,"featured_media":0,"parent":0,"menu_order":0,"comment_status":"closed","ping_status":"closed","template":"","meta":{"kt_blocks_editor_width":"","footnotes":""},"class_list":["post-1673","page","type-page","status-publish","hentry"],"_links":{"self":[{"href":"https:\/\/socioeducacao.unb.br\/index.php\/wp-json\/wp\/v2\/pages\/1673","targetHints":{"allow":["GET"]}}],"collection":[{"href":"https:\/\/socioeducacao.unb.br\/index.php\/wp-json\/wp\/v2\/pages"}],"about":[{"href":"https:\/\/socioeducacao.unb.br\/index.php\/wp-json\/wp\/v2\/types\/page"}],"author":[{"embeddable":true,"href":"https:\/\/socioeducacao.unb.br\/index.php\/wp-json\/wp\/v2\/users\/1"}],"replies":[{"embeddable":true,"href":"https:\/\/socioeducacao.unb.br\/index.php\/wp-json\/wp\/v2\/comments?post=1673"}],"version-history":[{"count":33,"href":"https:\/\/socioeducacao.unb.br\/index.php\/wp-json\/wp\/v2\/pages\/1673\/revisions"}],"predecessor-version":[{"id":1988,"href":"https:\/\/socioeducacao.unb.br\/index.php\/wp-json\/wp\/v2\/pages\/1673\/revisions\/1988"}],"wp:attachment":[{"href":"https:\/\/socioeducacao.unb.br\/index.php\/wp-json\/wp\/v2\/media?parent=1673"}],"curies":[{"name":"wp","href":"https:\/\/api.w.org\/{rel}","templated":true}]}}