{"id":2165,"date":"2025-08-15T08:30:30","date_gmt":"2025-08-15T11:30:30","guid":{"rendered":"https:\/\/socioeducacao.unb.br\/?page_id=2165"},"modified":"2025-11-08T17:20:14","modified_gmt":"2025-11-08T20:20:14","slug":"v-simposio-nacional-em-socioeducacao-2026","status":"publish","type":"page","link":"https:\/\/socioeducacao.unb.br\/index.php\/v-simposio-nacional-em-socioeducacao-2026\/","title":{"rendered":"V Simp\u00f3sio Nacional em Socioeduca\u00e7\u00e3o 2026"},"content":{"rendered":"\n<p class=\"has-text-align-center\">| <strong>V Simp\u00f3sio Nacional em Socioeduca\u00e7\u00e3o<\/strong> | <a href=\"https:\/\/socioeducacao.unb.br\/index.php\/inicio\/\" target=\"_blank\" rel=\"noreferrer noopener\">In\u00edcio<\/a> | <a href=\"https:\/\/socioeducacao.unb.br\/index.php\/datas\/\" target=\"_blank\" rel=\"noreferrer noopener\">Datas<\/a> | <a href=\"https:\/\/socioeducacao.unb.br\/index.php\/programacao-2\/\" target=\"_blank\" rel=\"noreferrer noopener\">Programa\u00e7\u00e3o<\/a> | <a href=\"https:\/\/socioeducacao.unb.br\/index.php\/inscricoes\/\" data-type=\"link\" data-id=\"https:\/\/socioeducacao.unb.br\/index.php\/inscricoes\/\" target=\"_blank\" rel=\"noreferrer noopener\">Inscri\u00e7\u00f5es<\/a> | <a href=\"https:\/\/socioeducacao.unb.br\/index.php\/local\/\">Local<\/a> | <a href=\"https:\/\/socioeducacao.unb.br\/index.php\/comissoes\/\" data-type=\"page\" data-id=\"2173\" target=\"_blank\" rel=\"noreferrer noopener\">Comiss\u00f5es<\/a>\u00a0|<\/p>\n\n\n\n<figure class=\"wp-block-image size-large is-resized\"><img loading=\"lazy\" decoding=\"async\" width=\"908\" height=\"282\" src=\"https:\/\/socioeducacao.unb.br\/wp-content\/uploads\/2025\/09\/Logo-V-Simpo\u0301sio-edited-1.png\" alt=\"\" class=\"wp-image-2328\" style=\"width:1027px;height:auto\" srcset=\"https:\/\/socioeducacao.unb.br\/wp-content\/uploads\/2025\/09\/Logo-V-Simpo\u0301sio-edited-1.png 908w, https:\/\/socioeducacao.unb.br\/wp-content\/uploads\/2025\/09\/Logo-V-Simpo\u0301sio-edited-1-300x93.png 300w, https:\/\/socioeducacao.unb.br\/wp-content\/uploads\/2025\/09\/Logo-V-Simpo\u0301sio-edited-1-768x239.png 768w, https:\/\/socioeducacao.unb.br\/wp-content\/uploads\/2025\/09\/Logo-V-Simpo\u0301sio-edited-1-583x181.png 583w\" sizes=\"auto, (max-width: 908px) 100vw, 908px\" \/><\/figure>\n\n\n\n<p class=\"has-text-align-right has-larger-font-size\"><strong><em><sub>Inter<em><strong>setorialidade e trabalho em rede na perspectiva da Prot<\/strong><\/em>e\u00e7\u00e3o Integral <\/sub><\/em><\/strong><\/p>\n\n\n\n\n\n<p class=\"has-text-align-right\"><strong>24, 25, 26 e 27 de fevereiro de 2026<\/strong><br><strong><em><sub>                                         <\/sub><\/em><\/strong><\/p>\n\n\n\n<div class=\"wp-block-kadence-spacer aligncenter kt-block-spacer-_c0586f-9e\"><div class=\"kt-block-spacer kt-block-spacer-halign-center\" style=\"height:60px\"><hr class=\"kt-divider\" style=\"border-top-color:#eee;border-top-width:1px;width:80%;border-top-style:solid\"\/><\/div><\/div>\n\n\n\n<p><strong>APRESENTA\u00c7\u00c3O<\/strong><\/p>\n\n\n\n<p class=\"kt-adv-heading_b58f16-bc wp-block-kadence-advancedheading\" data-kb-block=\"kb-adv-heading_b58f16-bc\">Chegamos \u00e0 5\u00aa edi\u00e7\u00e3o do Simp\u00f3sio Nacional em Socioeduca\u00e7\u00e3o!<\/p>\n\n\n\n<p>Desde sua primeira edi\u00e7\u00e3o, o Simp\u00f3sio tem se consolidado como um espa\u00e7o de natureza cient\u00edfica e profissional, marcado pela interdisciplinaridade e pelo compromisso com a articula\u00e7\u00e3o entre a produ\u00e7\u00e3o de conhecimento e a pr\u00e1tica profissional. Ao longo de suas edi\u00e7\u00f5es anteriores, destacou-se tamb\u00e9m pelo car\u00e1ter participativo e inclusivo, reunindo profissionais, gestores, pesquisadores, estudantes, al\u00e9m de adolescentes e egressos do sistema socioeducativo, que sempre tiveram espa\u00e7o garantido para compartilhar suas viv\u00eancias e reflex\u00f5es.<\/p>\n\n\n\n<p>A participa\u00e7\u00e3o de adolescentes e jovens em cumprimento de medidas socioeducativas e de egressos do sistema segue como marca central deste evento. Sua presen\u00e7a se concretiza por meio de atividades voltadas \u00e0 arte, \u00e0 cultura e \u00e0 participa\u00e7\u00e3o pol\u00edtica, bem como pela atua\u00e7\u00e3o na pr\u00f3pria organiza\u00e7\u00e3o do Simp\u00f3sio, colaborando em estrat\u00e9gias de media\u00e7\u00e3o e engajamento. Essa constru\u00e7\u00e3o coletiva reafirma o compromisso do evento em reconhecer adolescentes e jovens como sujeitos de direitos, garantindo-lhes voz, identidade e protagonismo.<\/p>\n\n\n\n<p>O V Simp\u00f3sio Nacional em Socioeduca\u00e7\u00e3o acontecer\u00e1 em <strong>S\u00e3o Lu\u00eds \u2013 Maranh\u00e3o<\/strong>, nos dias <strong>24, 25, 26 e 27 de fevereiro de 2026<\/strong>, na <strong>Universidade Federal do Maranh\u00e3o (UFMA)<\/strong>, no <strong>Centro Pedag\u00f3gico Paulo Freire<\/strong>, localizado na Cidade Universit\u00e1ria Dom Delgado (Avenida dos Portugueses, n\u00ba 1966, bairro Bacanga, CEP 65080-805). <\/p>\n\n\n\n<div class=\"wp-block-kadence-spacer aligncenter kt-block-spacer-_e2c5c0-22\"><div class=\"kt-block-spacer kt-block-spacer-halign-center\" style=\"height:31px\"><hr class=\"kt-divider\" style=\"border-top-color:#eee;border-top-width:1px;width:80%;border-top-style:solid\"\/><\/div><\/div>\n\n\n<style id=\"kt-blocks_29df5f-75\">#kt-adv-heading_29df5f-75, #kt-adv-heading_29df5f-75 .wp-block-kadence-advancedheading, .wp-block-kadence-advancedheading.kt-adv-heading_29df5f-75[data-kb-block=\"kb-adv-heading_29df5f-75\"], .kadence-advanced-heading-wrapper .kt-adv-heading_29df5f-75[data-kb-block=\"kb-adv-heading_29df5f-75\"]{text-align:center;color:#0074a7;}<\/style>\n<h6 class=\"kt-adv-heading_29df5f-75 wp-block-kadence-advancedheading\" data-kb-block=\"kb-adv-heading_29df5f-75\">Em sua trajet\u00f3ria, todas as edi\u00e7\u00f5es anteriores ocorreram em Bras\u00edlia. Assim, esta quinta edi\u00e7\u00e3o marca um momento especial: pela primeira vez o evento ser\u00e1 realizado em outro Estado, ampliando sua abrang\u00eancia e fortalecendo ainda mais o car\u00e1ter nacional do Simp\u00f3sio. Levar o encontro para o Maranh\u00e3o simboliza a expans\u00e3o do di\u00e1logo sobre socioeduca\u00e7\u00e3o, promovendo trocas de experi\u00eancias que valorizam as diversidades regionais do Brasil.<\/h6>\n\n\n\n<div class=\"wp-block-kadence-spacer aligncenter kt-block-spacer-_717a4d-75\"><div class=\"kt-block-spacer kt-block-spacer-halign-center\" style=\"height:46px\"><hr class=\"kt-divider\" style=\"border-top-color:#eee;border-top-width:1px;width:80%;border-top-style:solid\"\/><\/div><\/div>\n\n\n\n<p>Idealizado pelo Grupo de Estudos e Pesquisas em Desenvolvimento Humano e Socioeduca\u00e7\u00e3o (GEPDHS) da Universidade de Bras\u00edlia (UnB), o Simp\u00f3sio \u00e9 tradicionalmente realizado em parceria com a Secretaria de Justi\u00e7a e Cidadania do DF (SEJUS-DF), por meio da Subsecretaria do Sistema Socioeducativo (SubSis). Ao longo da caminhada, v\u00e1rios parceiros foram se integrando e contribuindo para sua realiza\u00e7\u00e3o.<\/p>\n\n\n\n<p>Ao caminhar para sua quinta edi\u00e7\u00e3o, o Simp\u00f3sio Nacional em Socioeduca\u00e7\u00e3o reafirma-se como importante refer\u00eancia na constru\u00e7\u00e3o de uma comunidade de aprendizagem comprometida com a defesa dos direitos humanos, o fortalecimento da democracia e a qualifica\u00e7\u00e3o da pol\u00edtica socioeducativa. Com sua programa\u00e7\u00e3o plural e participativa, o evento pretende fomentar debates interdisciplinares, difundir pesquisas e experi\u00eancias inovadoras, al\u00e9m de estimular pr\u00e1ticas profissionais conectadas com a realidade cotidiana das medidas socioeducativas.Contamos com a sua participa\u00e7\u00e3o neste encontro em S\u00e3o Lu\u00eds!<\/p>\n\n\n\n<div class=\"wp-block-kadence-spacer aligncenter kt-block-spacer-_98cd3d-00\"><div class=\"kt-block-spacer kt-block-spacer-halign-center\" style=\"height:35px\"><hr class=\"kt-divider\" style=\"border-top-color:#eee;border-top-width:1px;width:80%;border-top-style:solid\"\/><\/div><\/div>\n\n\n<style id=\"kt-blocks_51b913-ed\">#kt-adv-heading_51b913-ed, #kt-adv-heading_51b913-ed .wp-block-kadence-advancedheading, .wp-block-kadence-advancedheading.kt-adv-heading_51b913-ed[data-kb-block=\"kb-adv-heading_51b913-ed\"], .kadence-advanced-heading-wrapper .kt-adv-heading_51b913-ed[data-kb-block=\"kb-adv-heading_51b913-ed\"]{text-align:center;color:#f26a00;}<\/style>\n<h5 class=\"kt-adv-heading_51b913-ed wp-block-kadence-advancedheading\" data-kb-block=\"kb-adv-heading_51b913-ed\"><mark style=\"background-color:rgba(0, 0, 0, 0)\" class=\"has-inline-color has-accent-2-color\">Convidamos voc\u00eas a participarem do V Simp\u00f3sio Nacional em Socioeduca\u00e7\u00e3o que ocorrer\u00e1 nos dias <strong>24, 25, 26 e 27 de fevereiro de 2026<\/strong>, em formato presencial e gratuito<\/mark> em <strong>S\u00e3o Lu\u00eds no Maranh\u00e3o<\/strong>!<\/h5>\n\n\n\n<div class=\"wp-block-kadence-spacer aligncenter kt-block-spacer-_31f860-86\"><div class=\"kt-block-spacer kt-block-spacer-halign-center\" style=\"height:35px\"><hr class=\"kt-divider\" style=\"border-top-color:#eee;border-top-width:1px;width:80%;border-top-style:solid\"\/><\/div><\/div>\n\n\n\n<p><strong>P\u00daBLICO-ALVO e PARTICIPANTES<\/strong><\/p>\n\n\n\n<ul class=\"wp-block-list\">\n<li>Estudantes (de gradua\u00e7\u00e3o e de p\u00f3s-gradua\u00e7\u00e3o), docentes e pesquisadores que v\u00eam realizando estudos, investiga\u00e7\u00f5es e trabalhos no campo da Socioeduca\u00e7\u00e3o no Brasil e no exterior;<\/li>\n\n\n\n<li>Profissionais e gestores das Secretarias distrital, municipais e estaduais que executam as medidas socioeducativas e atendem adolescentes e jovens em medidas socioeducativas;<\/li>\n\n\n\n<li>Professores e gestores das Secretarias distrital, municipais e estaduais de educa\u00e7\u00e3o, de assist\u00eancia social, de sa\u00fade, etc, que trabalham com adolescentes em cumprimento de medida socioeducativa, tanto em meio aberto quanto fechado;<\/li>\n\n\n\n<li>Al\u00e9m de profissionais e \u00f3rg\u00e3os p\u00fablicos que integram o Sistema de Garantia de Direitos (SGD) e pessoas com interesse na Socioeduca\u00e7\u00e3o.<\/li>\n<\/ul>\n\n\n\n<p><strong>CONTATO<\/strong>: <a href=\"mailto:simposionacional@socioeducacao.com\" target=\"_blank\" rel=\"noreferrer noopener\">simposionacional@socioeducacao.com<\/a> (Comiss\u00e3o Organizadora)<\/p>\n\n\n\n<div class=\"wp-block-kadence-spacer aligncenter kt-block-spacer-_0849b9-1d\"><div class=\"kt-block-spacer kt-block-spacer-halign-center\" style=\"height:60px\"><hr class=\"kt-divider\" style=\"border-top-color:#eee;border-top-width:1px;width:80%;border-top-style:solid\"\/><\/div><\/div>\n\n\n\n<p class=\"has-text-align-center\"><strong>Nos acompanhe tamb\u00e9m pelo&nbsp;<a href=\"https:\/\/www.instagram.com\/simposiosocioeducacao\/\" target=\"_blank\" rel=\"noreferrer noopener\">Instagram<\/a>&nbsp;e pelo&nbsp;<a href=\"https:\/\/www.youtube.com\/@simposionacionalemsocioedu7633\/streams\" target=\"_blank\" rel=\"noreferrer noopener\">YouTube<\/a>.<\/strong><\/p>\n\n\n\n<p class=\"has-text-align-center\">|\u00a0<strong>V Simp\u00f3sio Nacional em Socioeduca\u00e7\u00e3o<\/strong>\u00a0|\u00a0<a href=\"https:\/\/socioeducacao.unb.br\/index.php\/inicio\/\" target=\"_blank\" rel=\"noreferrer noopener\">In\u00edcio<\/a>\u00a0|\u00a0<a href=\"https:\/\/socioeducacao.unb.br\/index.php\/datas\/\" target=\"_blank\" rel=\"noreferrer noopener\">Datas<\/a>\u00a0|\u00a0<a href=\"https:\/\/socioeducacao.unb.br\/index.php\/programacao-2\/\" target=\"_blank\" rel=\"noreferrer noopener\">Programa\u00e7\u00e3o<\/a>\u00a0| <a href=\"https:\/\/socioeducacao.unb.br\/index.php\/inscricoes\/\" data-type=\"link\" data-id=\"https:\/\/socioeducacao.unb.br\/index.php\/inscricoes\/\">Inscri\u00e7\u00f5es<\/a> |\u00a0<a href=\"https:\/\/socioeducacao.unb.br\/index.php\/local\/\" target=\"_blank\" rel=\"noreferrer noopener\">Local<\/a>\u00a0| <a href=\"https:\/\/socioeducacao.unb.br\/index.php\/comissoes\/\" data-type=\"link\" data-id=\"https:\/\/socioeducacao.unb.br\/index.php\/comissoes\/\" target=\"_blank\" rel=\"noreferrer noopener\">Comiss\u00f5es<\/a>\u00a0|<\/p>\n\n\n\n<div class=\"wp-block-kadence-spacer aligncenter kt-block-spacer-_30ce58-99\"><div class=\"kt-block-spacer kt-block-spacer-halign-center\" style=\"height:60px\"><hr class=\"kt-divider\" style=\"border-top-color:#eee;border-top-width:1px;width:80%;border-top-style:solid\"\/><\/div><\/div>\n\n\n<div class=\"wp-block-image\">\n<figure class=\"aligncenter size-large is-resized\"><img loading=\"lazy\" decoding=\"async\" width=\"1024\" height=\"199\" src=\"https:\/\/socioeducacao.unb.br\/wp-content\/uploads\/2025\/09\/Design-sem-nome-3-1-1024x199.png\" alt=\"\" class=\"wp-image-2365\" style=\"width:1249px;height:auto\" srcset=\"https:\/\/socioeducacao.unb.br\/wp-content\/uploads\/2025\/09\/Design-sem-nome-3-1-1024x199.png 1024w, https:\/\/socioeducacao.unb.br\/wp-content\/uploads\/2025\/09\/Design-sem-nome-3-1-300x58.png 300w, https:\/\/socioeducacao.unb.br\/wp-content\/uploads\/2025\/09\/Design-sem-nome-3-1-768x150.png 768w, https:\/\/socioeducacao.unb.br\/wp-content\/uploads\/2025\/09\/Design-sem-nome-3-1-583x114.png 583w, https:\/\/socioeducacao.unb.br\/wp-content\/uploads\/2025\/09\/Design-sem-nome-3-1.png 1366w\" sizes=\"auto, (max-width: 1024px) 100vw, 1024px\" \/><\/figure><\/div>","protected":false},"excerpt":{"rendered":"<p>| V Simp\u00f3sio Nacional em Socioeduca\u00e7\u00e3o | In\u00edcio | Datas | Programa\u00e7\u00e3o | Inscri\u00e7\u00f5es | Local | Comiss\u00f5es\u00a0| Intersetorialidade e trabalho em rede na perspectiva &hellip;<\/p>\n","protected":false},"author":1,"featured_media":0,"parent":0,"menu_order":0,"comment_status":"closed","ping_status":"closed","template":"","meta":{"kt_blocks_editor_width":"","footnotes":""},"class_list":["post-2165","page","type-page","status-publish","hentry"],"_links":{"self":[{"href":"https:\/\/socioeducacao.unb.br\/index.php\/wp-json\/wp\/v2\/pages\/2165","targetHints":{"allow":["GET"]}}],"collection":[{"href":"https:\/\/socioeducacao.unb.br\/index.php\/wp-json\/wp\/v2\/pages"}],"about":[{"href":"https:\/\/socioeducacao.unb.br\/index.php\/wp-json\/wp\/v2\/types\/page"}],"author":[{"embeddable":true,"href":"https:\/\/socioeducacao.unb.br\/index.php\/wp-json\/wp\/v2\/users\/1"}],"replies":[{"embeddable":true,"href":"https:\/\/socioeducacao.unb.br\/index.php\/wp-json\/wp\/v2\/comments?post=2165"}],"version-history":[{"count":29,"href":"https:\/\/socioeducacao.unb.br\/index.php\/wp-json\/wp\/v2\/pages\/2165\/revisions"}],"predecessor-version":[{"id":2442,"href":"https:\/\/socioeducacao.unb.br\/index.php\/wp-json\/wp\/v2\/pages\/2165\/revisions\/2442"}],"wp:attachment":[{"href":"https:\/\/socioeducacao.unb.br\/index.php\/wp-json\/wp\/v2\/media?parent=2165"}],"curies":[{"name":"wp","href":"https:\/\/api.w.org\/{rel}","templated":true}]}}